{"id":1346,"date":"2019-04-06T06:45:46","date_gmt":"2019-04-06T06:45:46","guid":{"rendered":"https:\/\/disenowebplus.com\/plantilla7\/producto\/men-coffee-brown-genuine-leather-wallet\/"},"modified":"2021-07-15T04:58:10","modified_gmt":"2021-07-15T04:58:10","slug":"cartera-de-cuero-para-hombre-genuino-marron-cafe","status":"publish","type":"product","link":"https:\/\/disenowebplus.com\/plantilla7\/producto\/cartera-de-cuero-para-hombre-genuino-marron-cafe\/","title":{"rendered":"Cartera de cuero genuino marr\u00f3n caf\u00e9 para hombre"},"content":{"rendered":"<p>[vc_row][vc_column width=&#8221;1\/3&#8243;]<div id=\"kapee-header-11830\" class=\"kapee-element kapee-heading text-left kapee-width-100 separator-none separator-between-heading\">\t\n\t\t\t\n\t\t\t<div class=\"heading-wrap\">\n\t\t\t<span class=\"separator-left\"><\/span>\n\t\t\t<h4 class=\"heading-title\">Marca <\/h4>\t\t\t<span class=\"separator-right\"><\/span>\n\t\t\t\t\t<\/div>\n\t\t\n    <\/div>[vc_column_text]<img loading=\"lazy\" decoding=\"async\" class=\"alignnone wp-image-1855 size-full\" src=\"https:\/\/disenowebplus.com\/plantilla7\/wp-content\/uploads\/sites\/11\/2019\/04\/Logo-Diseno-Web-Plus-180x60-jpg.jpg\" alt=\"\" width=\"180\" height=\"60\" \/> Carteras para hombres con doble ventana de identificaci\u00f3n delgada bifold vintage cuero genuino bolsillo frontal cartera QB-05#3[\/vc_column_text][\/vc_column][vc_column width=&#8221;1\/3&#8243;]<div id=\"kapee-header-62504\" class=\"kapee-element kapee-heading text-left kapee-width-100 separator-none separator-between-heading\">\t\n\t\t\t\n\t\t\t<div class=\"heading-wrap\">\n\t\t\t<span class=\"separator-left\"><\/span>\n\t\t\t<h4 class=\"heading-title\">Bandas de accesorios <\/h4>\t\t\t<span class=\"separator-right\"><\/span>\n\t\t\t\t\t<\/div>\n\t\t\n    <\/div>[vc_column_text]<\/p>\n<ul class=\"a-unordered-list a-vertical a-spacing-mini\">\n<li><span class=\"a-list-item\">Revestimiento de Polyester<\/span><\/li>\n<li><span class=\"a-list-item\">Cierre de Bifold<\/span><\/li>\n<li><span class=\"a-list-item\">Piel aut\u00e9ntica: hecha de piel de vacuno con una textura agradable y suave, muy suave y c\u00f3moda al tacto. El cuero se ver\u00e1 mejor a medida que pasa el tiempo.<\/span><\/li>\n<li><span class=\"a-list-item\">Tama\u00f1o: 4.7 x 3.9 x 0.6\u00a0in (plegado, vac\u00edo). Peso: 0.2 libras. (Puede haber un margen de error de 0,3-0,9 pulgadas debido a la medici\u00f3n manual).<\/span><\/li>\n<li><span class=\"a-list-item\">Color: marr\u00f3n, negro y rojo, 3 colores diferentes para tus necesidades. (Por favor, ten en cuenta que el color marr\u00f3n puede tener una peque\u00f1a diferencia de color). Y el dise\u00f1o del color es realmente especial y adecuado tanto para hombres como para mujeres.<\/span><\/li>\n<\/ul>\n<div class=\"a-row a-expander-container a-expander-inline-container\" aria-live=\"polite\">\n<div class=\"a-expander-content a-expander-extend-content a-expander-content-expanded\" aria-expanded=\"true\">\n<ul class=\"a-unordered-list a-vertical a-spacing-none\">\n<li><span class=\"a-list-item\">Cartera de bloqueo RFID: nuestras carteras est\u00e1n equipadas con tecnolog\u00eda avanzada de seguridad RFID para mantener tus datos, informaci\u00f3n personal e identidad seguros y seguros durante viajes, compras o trabajo.<\/span><\/li>\n<li><span class=\"a-list-item\">M\u00ednimo bolsillo frontal delgado: 2 ID \/ licencia de conducir \/ ventanas de fotos permiten un acceso r\u00e1pido cuando viajas o en la tienda\/lugar de trabajo. Equipado con 11 ranuras para tarjetas, 2 bolsillos para monedas y satisface todas tus necesidades diarias. Es f\u00e1cil de transportar cuando viajas. Cuenta con extrafino, ligero y perfectamente port\u00e1til.<\/span><\/li>\n<\/ul>\n<\/div>\n<\/div>\n<p>[\/vc_column_text]<div id=\"kapee-header-92023\" class=\"kapee-element kapee-heading text-left kapee-width-100 separator-none separator-between-heading\">\t\n\t\t\t\n\t\t\t<div class=\"heading-wrap\">\n\t\t\t<span class=\"separator-left\"><\/span>\n\t\t\t<h4 class=\"heading-title\">Lightweight Design <\/h4>\t\t\t<span class=\"separator-right\"><\/span>\n\t\t\t\t\t<\/div>\n\t\t\n    <\/div>[vc_column_text]<\/p>\n<h5 class=\"a-spacing-mini\">Cartera de piel aut\u00e9ntica.<\/h5>\n<p class=\"a-spacing-base\">El soporte para tarjetas de protecci\u00f3n RFID puede bloquear perfectamente esc\u00e1neres RFID no deseados, para proteger tu informaci\u00f3n personal, como tarjeta de identificaci\u00f3n, tarjeta de cr\u00e9dito, es realmente necesario cuando salgas. Esta cartera para hombre est\u00e1 a la vez de moda y funcional. Cuenta con el dise\u00f1o especial y la bonita estructura.<\/p>\n<h5>Cartera de bolsillo frontal minimalista<\/h5>\n<p class=\"a-spacing-base\">Es muy delgado que se ajusta f\u00e1cilmente a tu bolsillo trasero\/frontal. Y el color es realmente \u00fanico.Slim y elegante.<\/p>\n<p>[\/vc_column_text][\/vc_column][vc_column width=&#8221;1\/3&#8243;]<div id=\"kapee-image-gallery-76070\" class=\"kapee-element kapee-image-gallery image-gallery-carousel\">\n\t<div class=\"section-content\">\n\t\t<div class=\"kapee-carousel owl-carousel slider-gutters-space-0\">\t\n\t\t\t\t\t\t\t\t\n\t\t\t\t\t<div class=\"kapee-gallery \">\n\t\t\t\t\t\t<a href=\"https:\/\/disenowebplus.com\/plantilla7\/wp-content\/uploads\/sites\/11\/2019\/04\/81BehnyvkL._AC_UX385_-1.jpg\">\n\t\t\t\t\t\t\t<img loading=\"lazy\" decoding=\"async\" width=\"385\" height=\"384\" src=\"https:\/\/disenowebplus.com\/plantilla7\/wp-content\/uploads\/sites\/11\/2019\/04\/81BehnyvkL._AC_UX385_-1.jpg\" class=\"attachment-full size-full\" alt=\"\" srcset=\"https:\/\/disenowebplus.com\/plantilla7\/wp-content\/uploads\/sites\/11\/2019\/04\/81BehnyvkL._AC_UX385_-1.jpg 385w, https:\/\/disenowebplus.com\/plantilla7\/wp-content\/uploads\/sites\/11\/2019\/04\/81BehnyvkL._AC_UX385_-1-300x300.jpg 300w, https:\/\/disenowebplus.com\/plantilla7\/wp-content\/uploads\/sites\/11\/2019\/04\/81BehnyvkL._AC_UX385_-1-150x150.jpg 150w, https:\/\/disenowebplus.com\/plantilla7\/wp-content\/uploads\/sites\/11\/2019\/04\/81BehnyvkL._AC_UX385_-1-100x100.jpg 100w\" sizes=\"(max-width: 385px) 100vw, 385px\" \/>\t\t\t\t\t\t<\/a>\n\t\t\t\t\t<\/div>\n\t\t\t\t\t\t\t\t\t\t\n\t\t\t\t\t<div class=\"kapee-gallery \">\n\t\t\t\t\t\t<a href=\"https:\/\/disenowebplus.com\/plantilla7\/wp-content\/uploads\/sites\/11\/2019\/04\/71upfpEMUtL._AC_SY355_.jpg\">\n\t\t\t\t\t\t\t<img loading=\"lazy\" decoding=\"async\" width=\"433\" height=\"355\" src=\"https:\/\/disenowebplus.com\/plantilla7\/wp-content\/uploads\/sites\/11\/2019\/04\/71upfpEMUtL._AC_SY355_.jpg\" class=\"attachment-full size-full\" alt=\"\" srcset=\"https:\/\/disenowebplus.com\/plantilla7\/wp-content\/uploads\/sites\/11\/2019\/04\/71upfpEMUtL._AC_SY355_.jpg 433w, https:\/\/disenowebplus.com\/plantilla7\/wp-content\/uploads\/sites\/11\/2019\/04\/71upfpEMUtL._AC_SY355_-300x246.jpg 300w\" sizes=\"(max-width: 433px) 100vw, 433px\" \/>\t\t\t\t\t\t<\/a>\n\t\t\t\t\t<\/div>\n\t\t\t\t\t\t\t\t\t\t\n\t\t\t\t\t<div class=\"kapee-gallery \">\n\t\t\t\t\t\t<a href=\"https:\/\/disenowebplus.com\/plantilla7\/wp-content\/uploads\/sites\/11\/2019\/04\/cartera-de-cuero-genuino-de-piel-de-vacuno.jpg\">\n\t\t\t\t\t\t\t<img loading=\"lazy\" decoding=\"async\" width=\"800\" height=\"800\" src=\"https:\/\/disenowebplus.com\/plantilla7\/wp-content\/uploads\/sites\/11\/2019\/04\/cartera-de-cuero-genuino-de-piel-de-vacuno.jpg\" class=\"attachment-full size-full\" alt=\"\" srcset=\"https:\/\/disenowebplus.com\/plantilla7\/wp-content\/uploads\/sites\/11\/2019\/04\/cartera-de-cuero-genuino-de-piel-de-vacuno.jpg 800w, https:\/\/disenowebplus.com\/plantilla7\/wp-content\/uploads\/sites\/11\/2019\/04\/cartera-de-cuero-genuino-de-piel-de-vacuno-300x300.jpg 300w, https:\/\/disenowebplus.com\/plantilla7\/wp-content\/uploads\/sites\/11\/2019\/04\/cartera-de-cuero-genuino-de-piel-de-vacuno-150x150.jpg 150w, https:\/\/disenowebplus.com\/plantilla7\/wp-content\/uploads\/sites\/11\/2019\/04\/cartera-de-cuero-genuino-de-piel-de-vacuno-768x768.jpg 768w, https:\/\/disenowebplus.com\/plantilla7\/wp-content\/uploads\/sites\/11\/2019\/04\/cartera-de-cuero-genuino-de-piel-de-vacuno-600x600.jpg 600w, https:\/\/disenowebplus.com\/plantilla7\/wp-content\/uploads\/sites\/11\/2019\/04\/cartera-de-cuero-genuino-de-piel-de-vacuno-100x100.jpg 100w\" sizes=\"(max-width: 800px) 100vw, 800px\" \/>\t\t\t\t\t\t<\/a>\n\t\t\t\t\t<\/div>\n\t\t\t\t\t\t\t\t\t\t\n\t\t\t\t\t<div class=\"kapee-gallery \">\n\t\t\t\t\t\t<a href=\"https:\/\/disenowebplus.com\/plantilla7\/wp-content\/uploads\/sites\/11\/2019\/04\/HTB1XJqmaeH2gK0jSZFEq6AqMpXao.jpg_q50.jpg\">\n\t\t\t\t\t\t\t<img loading=\"lazy\" decoding=\"async\" width=\"800\" height=\"800\" src=\"https:\/\/disenowebplus.com\/plantilla7\/wp-content\/uploads\/sites\/11\/2019\/04\/HTB1XJqmaeH2gK0jSZFEq6AqMpXao.jpg_q50.jpg\" class=\"attachment-full size-full\" alt=\"\" srcset=\"https:\/\/disenowebplus.com\/plantilla7\/wp-content\/uploads\/sites\/11\/2019\/04\/HTB1XJqmaeH2gK0jSZFEq6AqMpXao.jpg_q50.jpg 800w, https:\/\/disenowebplus.com\/plantilla7\/wp-content\/uploads\/sites\/11\/2019\/04\/HTB1XJqmaeH2gK0jSZFEq6AqMpXao.jpg_q50-300x300.jpg 300w, https:\/\/disenowebplus.com\/plantilla7\/wp-content\/uploads\/sites\/11\/2019\/04\/HTB1XJqmaeH2gK0jSZFEq6AqMpXao.jpg_q50-150x150.jpg 150w, https:\/\/disenowebplus.com\/plantilla7\/wp-content\/uploads\/sites\/11\/2019\/04\/HTB1XJqmaeH2gK0jSZFEq6AqMpXao.jpg_q50-768x768.jpg 768w, https:\/\/disenowebplus.com\/plantilla7\/wp-content\/uploads\/sites\/11\/2019\/04\/HTB1XJqmaeH2gK0jSZFEq6AqMpXao.jpg_q50-600x600.jpg 600w, https:\/\/disenowebplus.com\/plantilla7\/wp-content\/uploads\/sites\/11\/2019\/04\/HTB1XJqmaeH2gK0jSZFEq6AqMpXao.jpg_q50-100x100.jpg 100w\" sizes=\"(max-width: 800px) 100vw, 800px\" \/>\t\t\t\t\t\t<\/a>\n\t\t\t\t\t<\/div>\n\t\t\t\t\t\t\t\t\t\t\n\t\t\t\t\t<div class=\"kapee-gallery \">\n\t\t\t\t\t\t<a href=\"https:\/\/disenowebplus.com\/plantilla7\/wp-content\/uploads\/sites\/11\/2019\/04\/rBVaSlpdgHyAVGWaAARxOBB7Pu8911.jpg\">\n\t\t\t\t\t\t\t<img loading=\"lazy\" decoding=\"async\" width=\"800\" height=\"800\" src=\"https:\/\/disenowebplus.com\/plantilla7\/wp-content\/uploads\/sites\/11\/2019\/04\/rBVaSlpdgHyAVGWaAARxOBB7Pu8911.jpg\" class=\"attachment-full size-full\" alt=\"\" srcset=\"https:\/\/disenowebplus.com\/plantilla7\/wp-content\/uploads\/sites\/11\/2019\/04\/rBVaSlpdgHyAVGWaAARxOBB7Pu8911.jpg 800w, https:\/\/disenowebplus.com\/plantilla7\/wp-content\/uploads\/sites\/11\/2019\/04\/rBVaSlpdgHyAVGWaAARxOBB7Pu8911-300x300.jpg 300w, https:\/\/disenowebplus.com\/plantilla7\/wp-content\/uploads\/sites\/11\/2019\/04\/rBVaSlpdgHyAVGWaAARxOBB7Pu8911-150x150.jpg 150w, https:\/\/disenowebplus.com\/plantilla7\/wp-content\/uploads\/sites\/11\/2019\/04\/rBVaSlpdgHyAVGWaAARxOBB7Pu8911-768x768.jpg 768w, https:\/\/disenowebplus.com\/plantilla7\/wp-content\/uploads\/sites\/11\/2019\/04\/rBVaSlpdgHyAVGWaAARxOBB7Pu8911-600x600.jpg 600w, https:\/\/disenowebplus.com\/plantilla7\/wp-content\/uploads\/sites\/11\/2019\/04\/rBVaSlpdgHyAVGWaAARxOBB7Pu8911-100x100.jpg 100w\" sizes=\"(max-width: 800px) 100vw, 800px\" \/>\t\t\t\t\t\t<\/a>\n\t\t\t\t\t<\/div>\n\t\t\t\t\t\t\t<\/div>\n\t<\/div>\n<\/div>[\/vc_column][\/vc_row]<\/p>\n","protected":false},"excerpt":{"rendered":"<ul>\n<li>Pulsera ajustable ..<\/li>\n<li>Cara de cristal mineral.<\/li>\n<li>Movimiento de cuarzo.<\/li>\n<li>Cierre con hebilla.<\/li>\n<li>Acero inoxidable \/ cuero.<\/li>\n<\/ul>\n","protected":false},"featured_media":1948,"comment_status":"open","ping_status":"closed","template":"","meta":[],"product_cat":[94],"product_tag":[34,134,143,127,69],"yoast_head":"<!-- This site is optimized with the Yoast SEO Premium plugin v16.8 (Yoast SEO v21.5) - https:\/\/yoast.com\/wordpress\/plugins\/seo\/ -->\n<title>Cartera de cuero genuino marr\u00f3n caf\u00e9 para hombre - Plantilla7<\/title>\n<meta name=\"description\" content=\"Cartera de cuero genuino marr\u00f3n caf\u00e9 para hombre. carteras para hombres con doble ventana de identificaci\u00f3n.\" \/>\n<meta name=\"robots\" content=\"index, follow, max-snippet:-1, max-image-preview:large, max-video-preview:-1\" \/>\n<link rel=\"canonical\" href=\"https:\/\/disenowebplus.com\/plantilla7\/producto\/cartera-de-cuero-para-hombre-genuino-marron-cafe\/\" \/>\n<meta property=\"og:locale\" content=\"es_ES\" \/>\n<meta property=\"og:type\" content=\"article\" \/>\n<meta property=\"og:title\" content=\"Cartera de cuero genuino marr\u00f3n caf\u00e9 para hombre\" \/>\n<meta property=\"og:description\" content=\"Cartera de cuero genuino marr\u00f3n caf\u00e9 para hombre. carteras para hombres con doble ventana de identificaci\u00f3n.\" \/>\n<meta property=\"og:url\" content=\"https:\/\/disenowebplus.com\/plantilla7\/producto\/cartera-de-cuero-para-hombre-genuino-marron-cafe\/\" \/>\n<meta property=\"og:site_name\" content=\"Plantilla7\" \/>\n<meta property=\"article:modified_time\" content=\"2021-07-15T04:58:10+00:00\" \/>\n<meta property=\"og:image\" content=\"https:\/\/disenowebplus.com\/plantilla7\/wp-content\/uploads\/sites\/11\/2019\/04\/81BehnyvkL._AC_UX385_-1.jpg\" \/>\n\t<meta property=\"og:image:width\" content=\"385\" \/>\n\t<meta property=\"og:image:height\" content=\"384\" \/>\n\t<meta property=\"og:image:type\" content=\"image\/jpeg\" \/>\n<meta name=\"twitter:card\" content=\"summary_large_image\" \/>\n<meta name=\"twitter:label1\" content=\"Tiempo de lectura\" \/>\n\t<meta name=\"twitter:data1\" content=\"2 minutos\" \/>\n<script type=\"application\/ld+json\" class=\"yoast-schema-graph\">{\"@context\":\"https:\/\/schema.org\",\"@graph\":[{\"@type\":\"WebPage\",\"@id\":\"https:\/\/disenowebplus.com\/plantilla7\/producto\/cartera-de-cuero-para-hombre-genuino-marron-cafe\/\",\"url\":\"https:\/\/disenowebplus.com\/plantilla7\/producto\/cartera-de-cuero-para-hombre-genuino-marron-cafe\/\",\"name\":\"Cartera de cuero genuino marr\u00f3n caf\u00e9 para hombre - Plantilla7\",\"isPartOf\":{\"@id\":\"https:\/\/disenowebplus.com\/plantilla7\/#website\"},\"datePublished\":\"2019-04-06T06:45:46+00:00\",\"dateModified\":\"2021-07-15T04:58:10+00:00\",\"description\":\"Cartera de cuero genuino marr\u00f3n caf\u00e9 para hombre. carteras para hombres con doble ventana de identificaci\u00f3n.\",\"breadcrumb\":{\"@id\":\"https:\/\/disenowebplus.com\/plantilla7\/producto\/cartera-de-cuero-para-hombre-genuino-marron-cafe\/#breadcrumb\"},\"inLanguage\":\"es\",\"potentialAction\":[{\"@type\":\"ReadAction\",\"target\":[\"https:\/\/disenowebplus.com\/plantilla7\/producto\/cartera-de-cuero-para-hombre-genuino-marron-cafe\/\"]}]},{\"@type\":\"BreadcrumbList\",\"@id\":\"https:\/\/disenowebplus.com\/plantilla7\/producto\/cartera-de-cuero-para-hombre-genuino-marron-cafe\/#breadcrumb\",\"itemListElement\":[{\"@type\":\"ListItem\",\"position\":1,\"name\":\"Portada\",\"item\":\"https:\/\/disenowebplus.com\/plantilla7\/\"},{\"@type\":\"ListItem\",\"position\":2,\"name\":\"Shop\",\"item\":\"https:\/\/disenowebplus.com\/plantilla7\/shop\/\"},{\"@type\":\"ListItem\",\"position\":3,\"name\":\"Cartera de cuero genuino marr\u00f3n caf\u00e9 para hombre\"}]},{\"@type\":\"WebSite\",\"@id\":\"https:\/\/disenowebplus.com\/plantilla7\/#website\",\"url\":\"https:\/\/disenowebplus.com\/plantilla7\/\",\"name\":\"Plantilla7\",\"description\":\"Otro sitio m\u00e1s de Dise\u00f1o Web Plus\",\"potentialAction\":[{\"@type\":\"SearchAction\",\"target\":{\"@type\":\"EntryPoint\",\"urlTemplate\":\"https:\/\/disenowebplus.com\/plantilla7\/?s={search_term_string}\"},\"query-input\":\"required name=search_term_string\"}],\"inLanguage\":\"es\"},{\"@type\":\"ImageObject\",\"inLanguage\":\"es\",\"@id\":\"https:\/\/disenowebplus.com\/plantilla7\/producto\/cartera-de-cuero-para-hombre-genuino-marron-cafe\/#local-main-organization-logo\",\"url\":\"\",\"contentUrl\":\"\",\"caption\":\"Plantilla7\"}]}<\/script>\n<!-- \/ Yoast SEO Premium plugin. -->","yoast_head_json":{"title":"Cartera de cuero genuino marr\u00f3n caf\u00e9 para hombre - Plantilla7","description":"Cartera de cuero genuino marr\u00f3n caf\u00e9 para hombre. carteras para hombres con doble ventana de identificaci\u00f3n.","robots":{"index":"index","follow":"follow","max-snippet":"max-snippet:-1","max-image-preview":"max-image-preview:large","max-video-preview":"max-video-preview:-1"},"canonical":"https:\/\/disenowebplus.com\/plantilla7\/producto\/cartera-de-cuero-para-hombre-genuino-marron-cafe\/","og_locale":"es_ES","og_type":"article","og_title":"Cartera de cuero genuino marr\u00f3n caf\u00e9 para hombre","og_description":"Cartera de cuero genuino marr\u00f3n caf\u00e9 para hombre. carteras para hombres con doble ventana de identificaci\u00f3n.","og_url":"https:\/\/disenowebplus.com\/plantilla7\/producto\/cartera-de-cuero-para-hombre-genuino-marron-cafe\/","og_site_name":"Plantilla7","article_modified_time":"2021-07-15T04:58:10+00:00","og_image":[{"width":385,"height":384,"url":"https:\/\/disenowebplus.com\/plantilla7\/wp-content\/uploads\/sites\/11\/2019\/04\/81BehnyvkL._AC_UX385_-1.jpg","type":"image\/jpeg"}],"twitter_card":"summary_large_image","twitter_misc":{"Tiempo de lectura":"2 minutos"},"schema":{"@context":"https:\/\/schema.org","@graph":[{"@type":"WebPage","@id":"https:\/\/disenowebplus.com\/plantilla7\/producto\/cartera-de-cuero-para-hombre-genuino-marron-cafe\/","url":"https:\/\/disenowebplus.com\/plantilla7\/producto\/cartera-de-cuero-para-hombre-genuino-marron-cafe\/","name":"Cartera de cuero genuino marr\u00f3n caf\u00e9 para hombre - Plantilla7","isPartOf":{"@id":"https:\/\/disenowebplus.com\/plantilla7\/#website"},"datePublished":"2019-04-06T06:45:46+00:00","dateModified":"2021-07-15T04:58:10+00:00","description":"Cartera de cuero genuino marr\u00f3n caf\u00e9 para hombre. carteras para hombres con doble ventana de identificaci\u00f3n.","breadcrumb":{"@id":"https:\/\/disenowebplus.com\/plantilla7\/producto\/cartera-de-cuero-para-hombre-genuino-marron-cafe\/#breadcrumb"},"inLanguage":"es","potentialAction":[{"@type":"ReadAction","target":["https:\/\/disenowebplus.com\/plantilla7\/producto\/cartera-de-cuero-para-hombre-genuino-marron-cafe\/"]}]},{"@type":"BreadcrumbList","@id":"https:\/\/disenowebplus.com\/plantilla7\/producto\/cartera-de-cuero-para-hombre-genuino-marron-cafe\/#breadcrumb","itemListElement":[{"@type":"ListItem","position":1,"name":"Portada","item":"https:\/\/disenowebplus.com\/plantilla7\/"},{"@type":"ListItem","position":2,"name":"Shop","item":"https:\/\/disenowebplus.com\/plantilla7\/shop\/"},{"@type":"ListItem","position":3,"name":"Cartera de cuero genuino marr\u00f3n caf\u00e9 para hombre"}]},{"@type":"WebSite","@id":"https:\/\/disenowebplus.com\/plantilla7\/#website","url":"https:\/\/disenowebplus.com\/plantilla7\/","name":"Plantilla7","description":"Otro sitio m\u00e1s de Dise\u00f1o Web Plus","potentialAction":[{"@type":"SearchAction","target":{"@type":"EntryPoint","urlTemplate":"https:\/\/disenowebplus.com\/plantilla7\/?s={search_term_string}"},"query-input":"required name=search_term_string"}],"inLanguage":"es"},{"@type":"ImageObject","inLanguage":"es","@id":"https:\/\/disenowebplus.com\/plantilla7\/producto\/cartera-de-cuero-para-hombre-genuino-marron-cafe\/#local-main-organization-logo","url":"","contentUrl":"","caption":"Plantilla7"}]}},"_links":{"self":[{"href":"https:\/\/disenowebplus.com\/plantilla7\/wp-json\/wp\/v2\/product\/1346"}],"collection":[{"href":"https:\/\/disenowebplus.com\/plantilla7\/wp-json\/wp\/v2\/product"}],"about":[{"href":"https:\/\/disenowebplus.com\/plantilla7\/wp-json\/wp\/v2\/types\/product"}],"replies":[{"embeddable":true,"href":"https:\/\/disenowebplus.com\/plantilla7\/wp-json\/wp\/v2\/comments?post=1346"}],"wp:featuredmedia":[{"embeddable":true,"href":"https:\/\/disenowebplus.com\/plantilla7\/wp-json\/wp\/v2\/media\/1948"}],"wp:attachment":[{"href":"https:\/\/disenowebplus.com\/plantilla7\/wp-json\/wp\/v2\/media?parent=1346"}],"wp:term":[{"taxonomy":"product_cat","embeddable":true,"href":"https:\/\/disenowebplus.com\/plantilla7\/wp-json\/wp\/v2\/product_cat?post=1346"},{"taxonomy":"product_tag","embeddable":true,"href":"https:\/\/disenowebplus.com\/plantilla7\/wp-json\/wp\/v2\/product_tag?post=1346"}],"curies":[{"name":"wp","href":"https:\/\/api.w.org\/{rel}","templated":true}]}}